{"id":14,"date":"2017-03-10T17:08:55","date_gmt":"2017-03-10T16:08:55","guid":{"rendered":"http:\/\/weltladen-pueblo.de\/?page_id=14"},"modified":"2017-03-11T09:33:15","modified_gmt":"2017-03-11T08:33:15","slug":"impressumco","status":"publish","type":"page","link":"https:\/\/weltladen-pueblo.de\/?page_id=14","title":{"rendered":"Impressum&#038;Co"},"content":{"rendered":"<p>Pueblo \u00f6kumenischer Eine Welt Laden f\u00fcr eine gerechte Welt (sonst.jurist. Person des privaten Rechts)<\/p>\n<p>Porschestra\u00dfe 84<\/p>\n<p>38440 Wolfsburg<\/p>\n<p>Tel (0 53 61) 22 0 21<\/p>\n<p>info@weltladen-pueblo.de<\/p>\n<p>&nbsp;<\/p>\n<p>F\u00fcr den Inhalt s\u00e4mtlicher auf dieser Homepage verlinkten Seiten ist der jeweilige Domain-Inhaber verantwortlich.<\/p>\n<p>Diese Seiten sind mit gr\u00f6\u00dftm\u00f6glicher Sorgfalt erstellt. Sollte ein Besucher trotzdem Einw\u00e4nde gleich welcher Art haben, ist dieser hiermit ausdr\u00fccklich eingeladen, diese auf direktem Wege selbst schriftlich vorzubringen und zu begr\u00fcnden. Nachvollziehbare \u00c4nderungsw\u00fcnsche k\u00f6nnen dann selbstverst\u00e4ndlich ber\u00fccksichtigt werden.<\/p>\n","protected":false},"excerpt":{"rendered":"<p>Pueblo \u00f6kumenischer Eine Welt Laden f\u00fcr eine gerechte Welt (sonst.jurist. Person des privaten Rechts) Porschestra\u00dfe 84 38440 Wolfsburg Tel (0 53 61) 22 0 21 info@weltladen-pueblo.de &nbsp; F\u00fcr den Inhalt s\u00e4mtlicher auf dieser Homepage verlinkten Seiten ist der jeweilige Domain-Inhaber verantwortlich. Diese Seiten sind mit gr\u00f6\u00dftm\u00f6glicher Sorgfalt erstellt. Sollte ein [&hellip;]<\/p>\n","protected":false},"author":1,"featured_media":0,"parent":0,"menu_order":0,"comment_status":"closed","ping_status":"closed","template":"","meta":[],"_links":{"self":[{"href":"https:\/\/weltladen-pueblo.de\/index.php?rest_route=\/wp\/v2\/pages\/14"}],"collection":[{"href":"https:\/\/weltladen-pueblo.de\/index.php?rest_route=\/wp\/v2\/pages"}],"about":[{"href":"https:\/\/weltladen-pueblo.de\/index.php?rest_route=\/wp\/v2\/types\/page"}],"author":[{"embeddable":true,"href":"https:\/\/weltladen-pueblo.de\/index.php?rest_route=\/wp\/v2\/users\/1"}],"replies":[{"embeddable":true,"href":"https:\/\/weltladen-pueblo.de\/index.php?rest_route=%2Fwp%2Fv2%2Fcomments&post=14"}],"version-history":[{"count":4,"href":"https:\/\/weltladen-pueblo.de\/index.php?rest_route=\/wp\/v2\/pages\/14\/revisions"}],"predecessor-version":[{"id":27,"href":"https:\/\/weltladen-pueblo.de\/index.php?rest_route=\/wp\/v2\/pages\/14\/revisions\/27"}],"wp:attachment":[{"href":"https:\/\/weltladen-pueblo.de\/index.php?rest_route=%2Fwp%2Fv2%2Fmedia&parent=14"}],"curies":[{"name":"wp","href":"https:\/\/api.w.org\/{rel}","templated":true}]}}