{"id":93,"date":"2017-03-15T15:00:15","date_gmt":"2017-03-15T14:00:15","guid":{"rendered":"http:\/\/weltladen-pueblo.de\/?page_id=93"},"modified":"2017-03-21T04:11:07","modified_gmt":"2017-03-21T03:11:07","slug":"eine-welt-e-v","status":"publish","type":"page","link":"https:\/\/weltladen-pueblo.de\/?page_id=93","title":{"rendered":"Eine Welt e.V.  (Weltladen Pueblo)"},"content":{"rendered":"<figure id=\"attachment_95\" aria-describedby=\"caption-attachment-95\" style=\"width: 600px\" class=\"wp-caption alignright\"><img decoding=\"async\" loading=\"lazy\" class=\"wp-image-95 size-full\" src=\"http:\/\/weltladen-pueblo.de\/wp-content\/uploads\/2017\/03\/Innenansicht-2.jpg\" alt=\"Innenansicht Weltladen Pueblo\" width=\"600\" height=\"450\" srcset=\"https:\/\/weltladen-pueblo.de\/wp-content\/uploads\/2017\/03\/Innenansicht-2.jpg 600w, https:\/\/weltladen-pueblo.de\/wp-content\/uploads\/2017\/03\/Innenansicht-2-300x225.jpg 300w\" sizes=\"(max-width: 600px) 100vw, 600px\" \/><figcaption id=\"caption-attachment-95\" class=\"wp-caption-text\">Innenansicht Weltladen Pueblo<\/figcaption><\/figure>\n<p lang=\"zxx\"><span style=\"font-family: Arial,sans-serif;\">Eine Welt e.V. als Tr\u00e4ger des Weltladens Pueblo besteht seit 1991 <\/span><span style=\"font-family: Arial,sans-serif;\">(Amtsgericht Braunschweig VR <\/span>100490)<span style=\"font-family: Arial,sans-serif;\">. Wir sind eine Gruppe von Leuten, sie sich ehrenamtlich und mit Freude, \u00fcberparteilich, aber parteiergreifend, \u00fcberkonfessionell, aber mit \u00dcberzeugung daf<\/span><span style=\"font-family: Arial,sans-serif;\">\u00fc<\/span><span style=\"font-family: Arial,sans-serif;\">r einsetzen, da\u00df das Verst\u00e4ndnis f\u00fcr die weltweiten Probleme w\u00e4chst.<\/span><\/p>\n<p lang=\"zxx\"><span style=\"font-family: Arial,sans-serif;\">Wir kennen unsere eigene Verflechtung als Konsumenten in den ungerechten Welthandelsstrukturen. Wir f\u00fchlen uns mitverantwortlich.<\/span><\/p>\n<p lang=\"zxx\"><span style=\"font-family: Arial,sans-serif;\">Wir bieten&#8230;<\/span><\/p>\n<ul>\n<li lang=\"zxx\"><span style=\"font-family: Arial,sans-serif;\">Informationsveranstaltungen f\u00fcr Ihre Gruppen (Konfirmanden, Schulklassen, Frauenkreise etc.)<\/span><\/li>\n<li lang=\"zxx\"><span style=\"font-family: Arial,sans-serif;\">Verkaufsst\u00e4nde und Informationsmaterial f\u00fcr Basare, Gemeindearbeit, M\u00e4rkte etc.<\/span><\/li>\n<li lang=\"zxx\"><span style=\"font-family: Arial,sans-serif;\">Geschenkk\u00f6rbe<\/span><\/li>\n<\/ul>\n<p lang=\"zxx\"><span style=\"font-family: Arial,sans-serif;\">Sie m\u00f6chten mehr wissen, den Verein unterst\u00fctzen oder mitmachen?<\/span><\/p>\n<p lang=\"zxx\"><span style=\"font-family: Arial,sans-serif;\">Sprechen Sie uns an!<\/span><\/p>\n<p lang=\"zxx\"><strong>Spendenkonto Eine Welt e.V.<\/strong><\/p>\n<p lang=\"zxx\"><strong>Sparkasse Gifhorn-Wolfsburg<\/strong><\/p>\n<p lang=\"zxx\"><strong>IBAN DE 21 2695 1311 0025 6098 43<\/strong><\/p>\n","protected":false},"excerpt":{"rendered":"<p>Eine Welt e.V. als Tr\u00e4ger des Weltladens Pueblo besteht seit 1991 (Amtsgericht Braunschweig VR 100490). Wir sind eine Gruppe von Leuten, sie sich ehrenamtlich und mit Freude, \u00fcberparteilich, aber parteiergreifend, \u00fcberkonfessionell, aber mit \u00dcberzeugung daf\u00fcr einsetzen, da\u00df das Verst\u00e4ndnis f\u00fcr die weltweiten Probleme w\u00e4chst. Wir kennen unsere eigene Verflechtung als [&hellip;]<\/p>\n","protected":false},"author":1,"featured_media":0,"parent":0,"menu_order":0,"comment_status":"closed","ping_status":"closed","template":"","meta":[],"_links":{"self":[{"href":"https:\/\/weltladen-pueblo.de\/index.php?rest_route=\/wp\/v2\/pages\/93"}],"collection":[{"href":"https:\/\/weltladen-pueblo.de\/index.php?rest_route=\/wp\/v2\/pages"}],"about":[{"href":"https:\/\/weltladen-pueblo.de\/index.php?rest_route=\/wp\/v2\/types\/page"}],"author":[{"embeddable":true,"href":"https:\/\/weltladen-pueblo.de\/index.php?rest_route=\/wp\/v2\/users\/1"}],"replies":[{"embeddable":true,"href":"https:\/\/weltladen-pueblo.de\/index.php?rest_route=%2Fwp%2Fv2%2Fcomments&post=93"}],"version-history":[{"count":10,"href":"https:\/\/weltladen-pueblo.de\/index.php?rest_route=\/wp\/v2\/pages\/93\/revisions"}],"predecessor-version":[{"id":131,"href":"https:\/\/weltladen-pueblo.de\/index.php?rest_route=\/wp\/v2\/pages\/93\/revisions\/131"}],"wp:attachment":[{"href":"https:\/\/weltladen-pueblo.de\/index.php?rest_route=%2Fwp%2Fv2%2Fmedia&parent=93"}],"curies":[{"name":"wp","href":"https:\/\/api.w.org\/{rel}","templated":true}]}}